{"id":2801,"date":"2025-01-10T09:56:13","date_gmt":"2025-01-10T08:56:13","guid":{"rendered":"https:\/\/nks.hr\/?page_id=2801"},"modified":"2025-07-10T10:44:37","modified_gmt":"2025-07-10T08:44:37","slug":"pravni-dokumenti","status":"publish","type":"page","link":"https:\/\/nks.hr\/en\/pravni-dokumenti\/","title":{"rendered":"Legal documents"},"content":{"rendered":"<p>[et_pb_section fb_built=&#8221;1&#8243; _builder_version=&#8221;4.27.0&#8243; _module_preset=&#8221;default&#8221; background_color=&#8221;#f9f9f9&#8243; custom_padding=&#8221;0px||124px|||&#8221; locked=&#8221;off&#8221; global_colors_info=&#8221;{}&#8221;][et_pb_row column_structure=&#8221;1_4,3_4&#8243; disabled_on=&#8221;off|off|off&#8221; _builder_version=&#8221;4.27.0&#8243; _module_preset=&#8221;default&#8221; background_color=&#8221;RGBA(255,255,255,0)&#8221; width=&#8221;100%&#8221; width_tablet=&#8221;100%&#8221; width_phone=&#8221;97%&#8221; width_last_edited=&#8221;on|phone&#8221; custom_margin=&#8221;|auto|-3px|auto||&#8221; custom_padding=&#8221;68px|16px|47px||false|false&#8221; locked=&#8221;off&#8221; global_colors_info=&#8221;{}&#8221;][et_pb_column type=&#8221;1_4&#8243; disabled_on=&#8221;on|on|off&#8221; _builder_version=&#8221;4.27.0&#8243; _module_preset=&#8221;default&#8221; background_color=&#8221;RGBA(255,255,255,0)&#8221; vertical_offset=&#8221;0px&#8221; horizontal_offset=&#8221;35px&#8221; custom_padding=&#8221;|0px|||false|false&#8221; border_color_right=&#8221;#d6404f&#8221; global_colors_info=&#8221;{}&#8221;][et_pb_divimenus_flex direction=&#8221;column&#8221; hide_button=&#8221;on&#8221; menu_item_background_color=&#8221;RGBA(255,255,255,0)&#8221; h_gap=&#8221;0px&#8221; logo_margin=&#8221;|0px|||false|false&#8221; menu_item_padding=&#8221;|0px||25px|false|false&#8221; _builder_version=&#8221;4.27.0&#8243; _module_preset=&#8221;default&#8221; menu_item_font=&#8221;Inter|500|||||||&#8221; menu_item_font_size=&#8221;18px&#8221; background_color=&#8221;#FFFFFF&#8221; custom_margin=&#8221;-26px|35px|7px|35px|false|false&#8221; custom_padding=&#8221;|0px|||false|false&#8221; sticky_position=&#8221;top&#8221; sticky_offset_top=&#8221;91px&#8221; sticky_limit_bottom=&#8221;row&#8221; border_radii=&#8221;on|15px|15px|15px|15px&#8221; border_width_all=&#8221;1px&#8221; border_color_all=&#8221;#d6404f&#8221; border_color_left=&#8221;#d6404f&#8221; box_shadow_style=&#8221;preset3&#8243; box_shadow_spread=&#8221;-12px&#8221; locked=&#8221;off&#8221; global_colors_info=&#8221;{}&#8221;][et_pb_divimenus_flex_item title=&#8221;O nama&#8221; text_use_icon=&#8221;on&#8221; icon_type=&#8221;image&#8221; text_image=&#8221;https:\/\/nks.hr\/wp-content\/uploads\/2024\/12\/Icon.svg&#8221; text_icon_padding=&#8221;0.7em&#8221; text_image_size=&#8221;29px&#8221; url=&#8221;@ET-DC@eyJkeW5hbWljIjp0cnVlLCJjb250ZW50IjoicG9zdF9saW5rX3VybF9wYWdlIiwic2V0dGluZ3MiOnsicG9zdF9pZCI6Ijc5In19@&#8221; _builder_version=&#8221;4.27.0&#8243; _dynamic_attributes=&#8221;url&#8221; _module_preset=&#8221;default&#8221; global_colors_info=&#8221;{}&#8221; direction=&#8221;column&#8221; force_fullwidth=&#8221;off&#8221;][\/et_pb_divimenus_flex_item][et_pb_divimenus_flex_item title=&#8221;Natje\u010daji&#8221; text_use_icon=&#8221;on&#8221; icon_type=&#8221;image&#8221; text_image=&#8221;https:\/\/nks.hr\/wp-content\/uploads\/2024\/12\/Icon-1.svg&#8221; text_icon_padding=&#8221;0.7em&#8221; text_image_size=&#8221;29px&#8221; url=&#8221;@ET-DC@eyJkeW5hbWljIjp0cnVlLCJjb250ZW50IjoicG9zdF9saW5rX3VybF9wYWdlIiwic2V0dGluZ3MiOnsicG9zdF9pZCI6Ijk0MSJ9fQ==@&#8221; _builder_version=&#8221;4.27.0&#8243; _dynamic_attributes=&#8221;url&#8221; _module_preset=&#8221;default&#8221; global_colors_info=&#8221;{}&#8221; direction=&#8221;column&#8221; force_fullwidth=&#8221;off&#8221;][\/et_pb_divimenus_flex_item][et_pb_divimenus_flex_item title=&#8221;Novosti&#8221; text_use_icon=&#8221;on&#8221; icon_type=&#8221;image&#8221; text_image=&#8221;https:\/\/nks.hr\/wp-content\/uploads\/2024\/12\/Icon-2.svg&#8221; text_icon_padding=&#8221;0.7em&#8221; text_image_size=&#8221;29px&#8221; url=&#8221;@ET-DC@eyJkeW5hbWljIjp0cnVlLCJjb250ZW50IjoicG9zdF9saW5rX3VybF9wYWdlIiwic2V0dGluZ3MiOnsicG9zdF9pZCI6Ijg3In19@&#8221; _builder_version=&#8221;4.27.0&#8243; _dynamic_attributes=&#8221;url&#8221; _module_preset=&#8221;default&#8221; global_colors_info=&#8221;{}&#8221; direction=&#8221;column&#8221; force_fullwidth=&#8221;off&#8221;][\/et_pb_divimenus_flex_item][et_pb_divimenus_flex_item title=&#8221;Edukacija&#8221; text_use_icon=&#8221;on&#8221; icon_type=&#8221;image&#8221; text_image=&#8221;https:\/\/nks.hr\/wp-content\/uploads\/2024\/12\/Icon-3.svg&#8221; text_icon_padding=&#8221;0.7em&#8221; text_image_size=&#8221;29px&#8221; url=&#8221;@ET-DC@eyJkeW5hbWljIjp0cnVlLCJjb250ZW50IjoicG9zdF9saW5rX3VybF9wYWdlIiwic2V0dGluZ3MiOnsicG9zdF9pZCI6IjEyMjQifX0=@&#8221; _builder_version=&#8221;4.27.0&#8243; _dynamic_attributes=&#8221;url&#8221; _module_preset=&#8221;default&#8221; global_colors_info=&#8221;{}&#8221; direction=&#8221;column&#8221; force_fullwidth=&#8221;off&#8221;][\/et_pb_divimenus_flex_item][et_pb_divimenus_flex_item title=&#8221;Doga\u0111anja&#8221; text_use_icon=&#8221;on&#8221; icon_type=&#8221;image&#8221; text_image=&#8221;https:\/\/nks.hr\/wp-content\/uploads\/2024\/12\/icon.svg&#8221; text_icon_padding=&#8221;0.7em&#8221; text_image_size=&#8221;27px&#8221; url=&#8221;@ET-DC@eyJkeW5hbWljIjp0cnVlLCJjb250ZW50IjoicG9zdF9saW5rX3VybF9wYWdlIiwic2V0dGluZ3MiOnsicG9zdF9pZCI6IjEwNCJ9fQ==@&#8221; _builder_version=&#8221;4.27.0&#8243; _dynamic_attributes=&#8221;url&#8221; _module_preset=&#8221;default&#8221; global_colors_info=&#8221;{}&#8221; direction=&#8221;column&#8221; force_fullwidth=&#8221;off&#8221;][\/et_pb_divimenus_flex_item][et_pb_divimenus_flex_item title=&#8221;Zajednica&#8221; text_use_icon=&#8221;on&#8221; icon_type=&#8221;image&#8221; text_image=&#8221;https:\/\/nks.hr\/wp-content\/uploads\/2024\/12\/Icon-4.svg&#8221; text_icon_padding=&#8221;0.7em&#8221; text_image_size=&#8221;29px&#8221; url=&#8221;@ET-DC@eyJkeW5hbWljIjp0cnVlLCJjb250ZW50IjoicG9zdF9saW5rX3VybF9wYWdlIiwic2V0dGluZ3MiOnsicG9zdF9pZCI6IjE1NDUifX0=@&#8221; _builder_version=&#8221;4.27.0&#8243; _dynamic_attributes=&#8221;url&#8221; _module_preset=&#8221;default&#8221; global_colors_info=&#8221;{}&#8221; direction=&#8221;column&#8221; force_fullwidth=&#8221;off&#8221;][\/et_pb_divimenus_flex_item][\/et_pb_divimenus_flex][\/et_pb_column][et_pb_column type=&#8221;3_4&#8243; _builder_version=&#8221;4.27.0&#8243; _module_preset=&#8221;default&#8221; global_colors_info=&#8221;{}&#8221;][et_pb_text module_class=&#8221;module-1&#8243; _builder_version=&#8221;4.27.0&#8243; _module_preset=&#8221;default&#8221; text_font_size=&#8221;8px&#8221; header_font=&#8221;Arial||||||||&#8221; header_text_color=&#8221;#000000&#8243; header_font_size=&#8221;37px&#8221; min_height=&#8221;30px&#8221; custom_margin=&#8221;13px|||||&#8221; custom_padding=&#8221;|||8px|false|false&#8221; border_color_all=&#8221;#E02B20&#8243; global_colors_info=&#8221;{}&#8221;]<\/p>\n<h1>Pravni dokumenti, uredbe, strategije<\/h1>\n<p>[\/et_pb_text][et_pb_accordion disabled_on=&#8221;off|off|off&#8221; _builder_version=&#8221;4.27.0&#8243; _module_preset=&#8221;default&#8221; toggle_font=&#8221;Inter||||||||&#8221; width=&#8221;100%&#8221; module_alignment=&#8221;right&#8221; custom_margin=&#8221;|0px|4px||false|false&#8221; border_width_all=&#8221;0px&#8221; border_width_left=&#8221;1px&#8221; border_color_left=&#8221;#d6404f&#8221; locked=&#8221;off&#8221; global_colors_info=&#8221;{}&#8221;][et_pb_accordion_item title=&#8221;NACIONALNI&#8221; open=&#8221;on&#8221; open_toggle_text_color=&#8221;#FFFFFF&#8221; icon_color=&#8221;#FFFFFF&#8221; toggle_icon=&#8221;&#x4b;||divi||400&#8243; _builder_version=&#8221;4.27.0&#8243; _module_preset=&#8221;default&#8221; background_color=&#8221;#d6404f&#8221; background_enable_color=&#8221;on&#8221; border_color_top=&#8221;#FFFFFF&#8221; border_color_left=&#8221;#FFFFFF&#8221; global_colors_info=&#8221;{}&#8221; toggle_text_color=&#8221;#FFFFFF&#8221;][\/et_pb_accordion_item][et_pb_accordion_item title=&#8221;Odluka Vlade RH&#8221; _builder_version=&#8221;4.27.0&#8243; _module_preset=&#8221;default&#8221; custom_margin=&#8221;-27px||||false|false&#8221; custom_padding=&#8221;||||false|false&#8221; global_colors_info=&#8221;{}&#8221; open=&#8221;off&#8221;]<\/p>\n<p style=\"text-align: justify;\">Odluka Vlade Republike Hrvatske o odre\u0111ivanju nacionalnog koordinacijskog sredi\u0161ta za industriju, tehnologiju i istra\u017eivanja u podru\u010dju kiberneti\u010dke sigurnosti<\/p>\n<p><a href=\"https:\/\/narodne-novine.nn.hr\/clanci\/sluzbeni\/2023_10_125_1741.html\" target=\"_blank\" style=\"text-decoration: none; color: #d6404f; font-size: 16px; margin-right: 20px;\" rel=\"noopener\"><br \/>\ud83d\udce9 Preuzmite<\/a><\/p>\n<p>[\/et_pb_accordion_item][et_pb_accordion_item title=&#8221;Zakon o kiberneti\u010dkoj sigurnosti&#8221; _builder_version=&#8221;4.27.0&#8243; _module_preset=&#8221;default&#8221; custom_margin=&#8221;-27px||||false|false&#8221; global_colors_info=&#8221;{}&#8221; open=&#8221;off&#8221;]<\/p>\n<p style=\"text-align: justify;\">7. velja\u010de 2024. godine, objavljen je Zakon o kiberneti\u010dkoj sigurnosti kojim se u hrvatsko zakonodavstvo preuzima Direktiva (EU) 2022\/2555 Europskog parlamenta i Vije\u0107a od 14. prosinca 2022. o mjerama za visoku zajedni\u010dku razinu kiberneti\u010dke sigurnosti \u0161irom Unije, izmjeni Uredbe (EU) br. 910\/2014 i Direktive (EU) 2018\/1972 i stavljanju izvan snage Direktive (EU) 2016\/1148, skra\u0107eno Direktiva NIS2. Zakonom se uspostavlja okvir strate\u0161kog planiranja i odlu\u010divanja u podru\u010dju kiberneti\u010dke sigurnosti te utvr\u0111uju nacionalni okviri upravljanja kiberneti\u010dkim incidentima velikih razmjera i kiberneti\u010dkim krizama.<\/p>\n<p style=\"text-align: justify;\"><a href=\"https:\/\/narodne-novine.nn.hr\/clanci\/sluzbeni\/2023_10_125_1741.html\" target=\"_blank\" style=\"text-decoration: none; color: #d6404f; font-size: 16px; margin-right: 20px;\" rel=\"noopener\"><br \/>\ud83d\udce9 Preuzmite<\/a><\/p>\n<p>[\/et_pb_accordion_item][\/et_pb_accordion][et_pb_divider show_divider=&#8221;off&#8221; _builder_version=&#8221;4.27.0&#8243; _module_preset=&#8221;default&#8221; min_height=&#8221;39.8px&#8221; custom_padding=&#8221;||16px|||&#8221; global_colors_info=&#8221;{}&#8221;][\/et_pb_divider][et_pb_accordion disabled_on=&#8221;off|off|off&#8221; _builder_version=&#8221;4.27.0&#8243; _module_preset=&#8221;default&#8221; toggle_font=&#8221;Inter||||||||&#8221; width=&#8221;100%&#8221; module_alignment=&#8221;right&#8221; custom_margin=&#8221;|0px|4px||false|false&#8221; border_width_all=&#8221;0px&#8221; border_width_left=&#8221;1px&#8221; border_color_left=&#8221;#d6404f&#8221; locked=&#8221;off&#8221; global_colors_info=&#8221;{}&#8221;][et_pb_accordion_item title=&#8221;EUROPSKI&#8221; open=&#8221;on&#8221; open_toggle_text_color=&#8221;#FFFFFF&#8221; icon_color=&#8221;#FFFFFF&#8221; toggle_icon=&#8221;&#x4b;||divi||400&#8243; _builder_version=&#8221;4.27.0&#8243; _module_preset=&#8221;default&#8221; background_color=&#8221;#d6404f&#8221; background_enable_color=&#8221;on&#8221; border_color_top=&#8221;#FFFFFF&#8221; border_color_left=&#8221;#FFFFFF&#8221; global_colors_info=&#8221;{}&#8221; toggle_text_color=&#8221;#FFFFFF&#8221;][\/et_pb_accordion_item][et_pb_accordion_item title=&#8221;Uredba (EU) 2021\/887&#8243; _builder_version=&#8221;4.27.0&#8243; _module_preset=&#8221;default&#8221; custom_margin=&#8221;-27px||||false|false&#8221; custom_padding=&#8221;||||false|false&#8221; global_colors_info=&#8221;{}&#8221; open=&#8221;off&#8221;]<\/p>\n<p style=\"text-align: justify;\">Uredba (EU) 2021\/887 europskog parlamenta i vije\u0107a od 20. svibnja 2021. o osnivanju Europskog stru\u010dnog centra za industriju, tehnologiju i istra\u017eivanja u podru\u010dju kibersigurnosti i mre\u017ee nacionalnih koordinacijskih centara<\/p>\n<p><a href=\"https:\/\/eur-lex.europa.eu\/legal-content\/HR\/TXT\/?qid=1720080318289&amp;uri=CELEX%3A32021R0887\" target=\"_blank\" style=\"text-decoration: none; color: #d6404f; font-size: 16px; margin-right: 20px;\" rel=\"noopener\"><br \/>\ud83d\udce9 Preuzmite<\/a><\/p>\n<p>[\/et_pb_accordion_item][et_pb_accordion_item title=&#8221;NIS2 Direktiva&#8221; _builder_version=&#8221;4.27.0&#8243; _module_preset=&#8221;default&#8221; custom_margin=&#8221;-27px||||false|false&#8221; custom_padding=&#8221;||||false|false&#8221; global_colors_info=&#8221;{}&#8221; open=&#8221;off&#8221;]<\/p>\n<h5 style=\"text-align: justify;\"><\/h5>\n<p style=\"text-align: justify;\">NIS2 Direktiva je zakonodavstvo na razini EU o kiberneti\u010dkoj sigurnosti. Pru\u017ea pravne mjere za pove\u0107anje ukupne razine kiberneti\u010dke sigurnosti u EU. Direktivom se utvr\u0111uju mjere Kojima se \u017eeli posti\u0107i visoka zajedni\u010dka razina kibersigurnosti \u0161irom Unije kako bi se pobolj\u0161alo funkcioniranje unutarnjeg tr\u017ei\u0161ta.<\/p>\n<p><a href=\"https:\/\/eur-lex.europa.eu\/legal-content\/HR\/TXT\/?uri=CELEX%3A32022L2555&amp;qid=1720085227627\" target=\"_blank\" style=\"text-decoration: none; color: #d6404f; font-size: 16px; margin-right: 20px;\" rel=\"noopener\"><br \/>\ud83d\udce9 Preuzmite<\/a><\/p>\n<p>[\/et_pb_accordion_item][et_pb_accordion_item title=&#8221;Digital Operational Resilience Act (DORA)&#8221; _builder_version=&#8221;4.27.0&#8243; _module_preset=&#8221;default&#8221; custom_margin=&#8221;-27px||||false|false&#8221; custom_padding=&#8221;||||false|false&#8221; global_colors_info=&#8221;{}&#8221; open=&#8221;off&#8221;]<\/p>\n<h5 style=\"text-align: justify;\"><\/h5>\n<p style=\"text-align: justify;\">Digital Operational Resilience Act (DORA) je sveobuhvatan regulatorni okvir koji je uspostavila Europska unija. Njegov glavni cilj je pobolj\u0161ati operativnu otpornost financijskih subjekata postavljanjem standardiziranih zahtjeva za upravljanje digitalnim rizicima.<\/p>\n<p><a href=\"https:\/\/eur-lex.europa.eu\/legal-content\/en\/TXT\/?uri=CELEX:32022R2554\" target=\"_blank\" style=\"text-decoration: none; color: #d6404f; font-size: 16px; margin-right: 20px;\" rel=\"noopener\"><br \/>\ud83d\udce9 Preuzmite<\/a><\/p>\n<p>[\/et_pb_accordion_item][et_pb_accordion_item title=&#8221;The Cyber Resilience Act (CRA)&#8221; _builder_version=&#8221;4.27.0&#8243; _module_preset=&#8221;default&#8221; custom_margin=&#8221;-27px||||false|false&#8221; custom_padding=&#8221;||||false|false&#8221; global_colors_info=&#8221;{}&#8221; open=&#8221;off&#8221;]<\/p>\n<h5 style=\"text-align: justify;\"><\/h5>\n<p style=\"text-align: justify;\">The Cyber Resilience Act (CRA) ima za cilj za\u0161tititi potro\u0161a\u010de i tvrtke koje kupuju ili koriste proizvode ili softver s digitalnom komponentom. Ovom uredbom \u017eeli se eliminirati nedovoljne sigurnosne zna\u010dajke uvo\u0111enjem obaveznih zahtjeva za kiberneti\u010dku sigurnost za proizvo\u0111a\u010de i trgovce takvih proizvoda, a ta \u0107e za\u0161tita trajati tijekom cijelog \u017eivotnog ciklusa proizvoda.<\/p>\n<p><a href=\"https:\/\/eur-lex.europa.eu\/legal-content\/HR\/TXT\/?uri=celex%3A52022PC0454\" target=\"_blank\" style=\"text-decoration: none; color: #d6404f; font-size: 16px; margin-right: 20px;\" rel=\"noopener\"><br \/>\ud83d\udce9 Preuzmite<\/a><\/p>\n<p>[\/et_pb_accordion_item][et_pb_accordion_item title=&#8221;EU Cyber Security Strategy for the Digital Decade&#8221; _builder_version=&#8221;4.27.0&#8243; _module_preset=&#8221;default&#8221; custom_margin=&#8221;-27px||||false|false&#8221; custom_padding=&#8221;||||false|false&#8221; global_colors_info=&#8221;{}&#8221; open=&#8221;off&#8221;]<\/p>\n<h5 style=\"text-align: justify;\"><\/h5>\n<p style=\"text-align: justify;\">EU Cyber Security Strategy for the Digital Decade usvojena je u prosincu 2020. Godine. Opisuje okvir za djelovanje EU-a u cilju za\u0161tite gra\u0111ana i tvrtki EU-a od kiberneti\u010dkih prijetnji, promicanja sigurnih informacijskih sustava i za\u0161tite globalnog, otvorenog, slobodnog i sigurnog kiberneti\u010dkog prostora.<\/p>\n<p><a href=\"https:\/\/digital-strategy.ec.europa.eu\/en\/library\/eus-cybersecurity-strategy-digital-decade-0\" target=\"_blank\" style=\"text-decoration: none; color: #d6404f; font-size: 16px; margin-right: 20px;\" rel=\"noopener\"><br \/>\ud83d\udce9 Preuzmite<\/a><\/p>\n<p>[\/et_pb_accordion_item][et_pb_accordion_item title=&#8221;Program rada Digital Europe Programme (DIGITAL) 2025\u20132027&#8243; _builder_version=&#8221;4.27.0&#8243; _module_preset=&#8221;default&#8221; custom_margin=&#8221;-27px||||false|false&#8221; custom_padding=&#8221;||||false|false&#8221; global_colors_info=&#8221;{}&#8221; open=&#8221;off&#8221;]<a href=\"https:\/\/ec.europa.eu\/newsroom\/dae\/redirection\/document\/114219 \" target=\"_blank\" style=\"text-decoration: none; color: #d6404f; font-size: 16px; margin-right: 20px;\" rel=\"noopener\">\ud83d\udce9 Preuzmite<\/a>[\/et_pb_accordion_item][et_pb_accordion_item title=&#8221;ECCC Digital Europe Cybersecurity program rada 2025-2027&#8243; _builder_version=&#8221;4.27.0&#8243; _module_preset=&#8221;default&#8221; custom_margin=&#8221;-27px||||false|false&#8221; custom_padding=&#8221;||||false|false&#8221; global_colors_info=&#8221;{}&#8221; open=&#8221;off&#8221;]<a href=\"https:\/\/cybersecurity-centre.europa.eu\/document\/8af166e1-69c5-4ccd-b38f-5a3ffe43ad73_en\" target=\"_blank\" style=\"text-decoration: none; color: #d6404f; font-size: 16px; margin-right: 20px;\" rel=\"noopener\">\ud83d\udce9 Preuzmite<\/a>[\/et_pb_accordion_item][et_pb_accordion_item title=&#8221;ECCC Strate\u0161ka Agenda&#8221; _builder_version=&#8221;4.27.0&#8243; _module_preset=&#8221;default&#8221; custom_margin=&#8221;-27px||||false|false&#8221; global_colors_info=&#8221;{}&#8221; open=&#8221;off&#8221;]<\/p>\n<h5 style=\"text-align: justify;\"><\/h5>\n<p style=\"text-align: justify;\">Cilj Agende je stvoriti jedinstvenu i zajedni\u010dku viziju za ulaganja EU-a u kiberneti\u010dku sigurnost koja su potrebna za ostvarivanje ciljeva postavljenih u Strategiji kiberneti\u010dke sigurnosti EU-a i u Uredbi ECCC 2021\/887 (\u2018Uredba\u2019). Uskla\u0111ivanjem investicijskih prioriteta EU-a i dr\u017eava \u010dlanica, Agenda doprinosi postizanju ve\u0107eg u\u010dinka i pru\u017ea poticaj za nacionalna ulaganja u kiberneti\u010dku sigurnost.<\/p>\n<p><a href=\"https:\/\/cybersecurity-centre.europa.eu\/system\/files\/2023-03\/20230224%20-%20ECCC%20Strategic%20Agenda%20with%20cover.pdf\" target=\"_blank\" style=\"text-decoration: none; color: #d6404f; font-size: 16px; margin-right: 20px;\" rel=\"noopener\"><br \/>\ud83d\udce9 Preuzmite<\/a><\/p>\n<p>[\/et_pb_accordion_item][\/et_pb_accordion][\/et_pb_column][\/et_pb_row][\/et_pb_section]<\/p>","protected":false},"excerpt":{"rendered":"<p>Pravni dokumenti, uredbe, strategijeOdluka Vlade Republike Hrvatske o odre\u0111ivanju nacionalnog koordinacijskog sredi\u0161ta za industriju, tehnologiju i istra\u017eivanja u podru\u010dju kiberneti\u010dke sigurnosti \ud83d\udce9 Preuzmite7. velja\u010de 2024. godine, objavljen je Zakon o [&hellip;]<\/p>","protected":false},"author":7,"featured_media":0,"parent":0,"menu_order":0,"comment_status":"closed","ping_status":"closed","template":"","meta":{"_et_pb_use_builder":"on","_et_pb_old_content":"","_et_gb_content_width":"","footnotes":""},"dipi_cpt_category":[],"class_list":["post-2801","page","type-page","status-publish","hentry"],"_links":{"self":[{"href":"https:\/\/nks.hr\/en\/wp-json\/wp\/v2\/pages\/2801","targetHints":{"allow":["GET"]}}],"collection":[{"href":"https:\/\/nks.hr\/en\/wp-json\/wp\/v2\/pages"}],"about":[{"href":"https:\/\/nks.hr\/en\/wp-json\/wp\/v2\/types\/page"}],"author":[{"embeddable":true,"href":"https:\/\/nks.hr\/en\/wp-json\/wp\/v2\/users\/7"}],"replies":[{"embeddable":true,"href":"https:\/\/nks.hr\/en\/wp-json\/wp\/v2\/comments?post=2801"}],"version-history":[{"count":12,"href":"https:\/\/nks.hr\/en\/wp-json\/wp\/v2\/pages\/2801\/revisions"}],"predecessor-version":[{"id":3541,"href":"https:\/\/nks.hr\/en\/wp-json\/wp\/v2\/pages\/2801\/revisions\/3541"}],"wp:attachment":[{"href":"https:\/\/nks.hr\/en\/wp-json\/wp\/v2\/media?parent=2801"}],"wp:term":[{"taxonomy":"dipi_cpt_category","embeddable":true,"href":"https:\/\/nks.hr\/en\/wp-json\/wp\/v2\/dipi_cpt_category?post=2801"}],"curies":[{"name":"wp","href":"https:\/\/api.w.org\/{rel}","templated":true}]}}